{"id":2267,"date":"2022-05-11T08:38:25","date_gmt":"2022-05-11T06:38:25","guid":{"rendered":"http:\/\/www.animan.com\/?page_id=2267"},"modified":"2022-05-25T16:34:12","modified_gmt":"2022-05-25T14:34:12","slug":"lesprit-animan","status":"publish","type":"page","link":"https:\/\/www.animan.com\/de\/a-propos\/lesprit-animan\/","title":{"rendered":"Der Geist von Animan"},"content":{"rendered":"<div class=\"wpb-content-wrapper\"><p>[vc_row][vc_column][vc_row_inner][vc_column_inner][vc_column_text]<\/p>\n<h2 style=\"text-align: center;\">Der Geist von Animan<\/h2>\n<p>[\/vc_column_text][\/vc_column_inner][\/vc_row_inner][vc_row_inner css=&#8220;.vc_custom_1639487036905{margin-top: 40px !important;}&#8220; el_class=&#8220;order-inverse&#8220;][vc_column_inner width=&#8220;5\/12&#8243;][vc_single_image image=&#8220;245&#8243; img_size=&#8220;full&#8220;][\/vc_column_inner][vc_column_inner width=&#8220;7\/12&#8243;][vc_column_text]<\/p>\n<p style=\"text-align: justify;\">\u00abSeit vierzig Jahren bietet Animan seiner Leserschaft eine einzigartige Kombination aus ausf\u00fchrlichen Reportagen und herausragenden Bildern, insbesondere durch das Portfolio, das zum Markenzeichen des Magazins geworden ist.<\/p>\n<p style=\"text-align: justify;\">Mit dem Fotoapparat um den Hals reisen unsere Autoren und Autorinnen rund um den Globus, um die Sch\u00f6nheit, aber auch die Zerbrechlichkeit unserer Welt aufzuzeigen. Die Klimaerw\u00e4rmung, die Umweltverschmutzung, der R\u00fcckgang der nat\u00fcrlichen Lebensr\u00e4ume zugunsten der Urbanisierung oder der Ausbeutung nat\u00fcrlicher Ressourcen nehmen heute alarmierende Ausmasse an.<\/p>\n<p style=\"text-align: justify;\">Im Kontakt mit indigenen V\u00f6lkern, die nach wie vor eng mit der Natur verbunden sind und deren Erfahrungswissen den immer st\u00e4rkeren Einfl\u00fcssen der Moderne standh\u00e4lt, entsteht eine neue Art, das Reisen zu betrachten: eine, die auf Respekt und echtem Austausch beruht. Jenseits der Klischees versuchen wir, starke Geschichten in den Fokus zu r\u00fccken. Sie sollen uns daran erinnern, dass der Mensch jenseits der Umw\u00e4lzungen, die von allen Seiten auf uns einst\u00fcrzen, noch immer in Harmonie mit seiner Umwelt leben kann.<\/p>\n<p style=\"text-align: justify;\">Animan interessiert sich aber nicht nur f\u00fcr das, was am anderen Ende der Welt geschieht. Auch die Schweiz und ihre Nachbarl\u00e4nder bergen Sch\u00e4tze, die wir ans Licht bringen m\u00f6chten. Denn das Aussergew\u00f6hnliche versteckt sich manchmal direkt vor unserer Haust\u00fcr. Wir m\u00fcssen nur die Augen offen halten. Viel Freude bei der Lekt\u00fcre!\u00bb<\/p>\n<p style=\"text-align: justify;\">Alexander Zelenka<\/p>\n<p style=\"text-align: justify;\">Chefredaktor<\/p>\n<p>[\/vc_column_text][\/vc_column_inner][\/vc_row_inner][\/vc_column][\/vc_row]<\/p>\n<\/div>","protected":false},"excerpt":{"rendered":"<p>[vc_row][vc_column][vc_row_inner][vc_column_inner][vc_column_text] Der Geist von Animan [\/vc_column_text][\/vc_column_inner][\/vc_row_inner][vc_row_inner css=&#8220;.vc_custom_1639487036905{margin-top: 40px !important;}&#8220; el_class=&#8220;order-inverse&#8220;][vc_column_inner width=&#8220;5\/12&#8243;][vc_single_image image=&#8220;245&#8243; img_size=&#8220;full&#8220;][\/vc_column_inner][vc_column_inner width=&#8220;7\/12&#8243;][vc_column_text] \u00abSeit vierzig Jahren bietet Animan seiner Leserschaft eine einzigartige Kombination aus ausf\u00fchrlichen Reportagen und herausragenden Bildern, insbesondere durch das Portfolio, das zum Markenzeichen des Magazins geworden ist. Mit dem Fotoapparat um den Hals reisen unsere Autoren und Autorinnen rund um den [&hellip;]<\/p>\n","protected":false},"author":1,"featured_media":2024,"parent":2265,"menu_order":25,"comment_status":"closed","ping_status":"closed","template":"","meta":{"_acf_changed":false,"footnotes":""},"class_list":["post-2267","page","type-page","status-publish","has-post-thumbnail","hentry"],"acf":[],"yoast_head":"<!-- This site is optimized with the Yoast SEO plugin v26.8 - https:\/\/yoast.com\/product\/yoast-seo-wordpress\/ -->\n<title>Der Geist von Animan - Animan<\/title>\n<meta name=\"robots\" content=\"index, follow, max-snippet:-1, max-image-preview:large, max-video-preview:-1\" \/>\n<link rel=\"canonical\" href=\"https:\/\/www.animan.com\/de\/a-propos\/lesprit-animan\/\" \/>\n<meta property=\"og:locale\" content=\"de_DE\" \/>\n<meta property=\"og:type\" content=\"article\" \/>\n<meta property=\"og:title\" content=\"Der Geist von Animan - Animan\" \/>\n<meta property=\"og:description\" content=\"[vc_row][vc_column][vc_row_inner][vc_column_inner][vc_column_text] Der Geist von Animan [\/vc_column_text][\/vc_column_inner][\/vc_row_inner][vc_row_inner css=&#8220;.vc_custom_1639487036905{margin-top: 40px !important;}&#8220; el_class=&#8220;order-inverse&#8220;][vc_column_inner width=&#8220;5\/12&#8243;][vc_single_image image=&#8220;245&#8243; img_size=&#8220;full&#8220;][\/vc_column_inner][vc_column_inner width=&#8220;7\/12&#8243;][vc_column_text] \u00abSeit vierzig Jahren bietet Animan seiner Leserschaft eine einzigartige Kombination aus ausf\u00fchrlichen Reportagen und herausragenden Bildern, insbesondere durch das Portfolio, das zum Markenzeichen des Magazins geworden ist. Mit dem Fotoapparat um den Hals reisen unsere Autoren und Autorinnen rund um den [&hellip;]\" \/>\n<meta property=\"og:url\" content=\"https:\/\/www.animan.com\/de\/a-propos\/lesprit-animan\/\" \/>\n<meta property=\"og:site_name\" content=\"Animan\" \/>\n<meta property=\"article:publisher\" content=\"https:\/\/www.facebook.com\/magazineANIMAN\" \/>\n<meta property=\"article:modified_time\" content=\"2022-05-25T14:34:12+00:00\" \/>\n<meta property=\"og:image\" content=\"https:\/\/www.animan.com\/wp-content\/uploads\/2022\/01\/animan_227_islande_pedaler_volcans_glaciers_clement_grandjean_jordan_rosen_header_esprit.jpg\" \/>\n\t<meta property=\"og:image:width\" content=\"1280\" \/>\n\t<meta property=\"og:image:height\" content=\"445\" \/>\n\t<meta property=\"og:image:type\" content=\"image\/jpeg\" \/>\n<meta name=\"twitter:card\" content=\"summary_large_image\" \/>\n<meta name=\"twitter:label1\" content=\"Gesch\u00e4tzte Lesezeit\" \/>\n\t<meta name=\"twitter:data1\" content=\"2\u00a0Minuten\" \/>\n<script type=\"application\/ld+json\" class=\"yoast-schema-graph\">{\"@context\":\"https:\/\/schema.org\",\"@graph\":[{\"@type\":\"WebPage\",\"@id\":\"https:\/\/www.animan.com\/de\/a-propos\/lesprit-animan\/\",\"url\":\"https:\/\/www.animan.com\/de\/a-propos\/lesprit-animan\/\",\"name\":\"Der Geist von Animan - Animan\",\"isPartOf\":{\"@id\":\"https:\/\/www.animan.com\/de\/#website\"},\"primaryImageOfPage\":{\"@id\":\"https:\/\/www.animan.com\/de\/a-propos\/lesprit-animan\/#primaryimage\"},\"image\":{\"@id\":\"https:\/\/www.animan.com\/de\/a-propos\/lesprit-animan\/#primaryimage\"},\"thumbnailUrl\":\"https:\/\/www.animan.com\/wp-content\/uploads\/2022\/01\/animan_227_islande_pedaler_volcans_glaciers_clement_grandjean_jordan_rosen_header_esprit.jpg\",\"datePublished\":\"2022-05-11T06:38:25+00:00\",\"dateModified\":\"2022-05-25T14:34:12+00:00\",\"breadcrumb\":{\"@id\":\"https:\/\/www.animan.com\/de\/a-propos\/lesprit-animan\/#breadcrumb\"},\"inLanguage\":\"de\",\"potentialAction\":[{\"@type\":\"ReadAction\",\"target\":[\"https:\/\/www.animan.com\/de\/a-propos\/lesprit-animan\/\"]}]},{\"@type\":\"ImageObject\",\"inLanguage\":\"de\",\"@id\":\"https:\/\/www.animan.com\/de\/a-propos\/lesprit-animan\/#primaryimage\",\"url\":\"https:\/\/www.animan.com\/wp-content\/uploads\/2022\/01\/animan_227_islande_pedaler_volcans_glaciers_clement_grandjean_jordan_rosen_header_esprit.jpg\",\"contentUrl\":\"https:\/\/www.animan.com\/wp-content\/uploads\/2022\/01\/animan_227_islande_pedaler_volcans_glaciers_clement_grandjean_jordan_rosen_header_esprit.jpg\",\"width\":1280,\"height\":445},{\"@type\":\"BreadcrumbList\",\"@id\":\"https:\/\/www.animan.com\/de\/a-propos\/lesprit-animan\/#breadcrumb\",\"itemListElement\":[{\"@type\":\"ListItem\",\"position\":1,\"name\":\"Accueil\",\"item\":\"https:\/\/www.animan.com\/de\/\"},{\"@type\":\"ListItem\",\"position\":2,\"name\":\"\u00dcber uns\",\"item\":\"https:\/\/www.animan.com\/de\/a-propos\/\"},{\"@type\":\"ListItem\",\"position\":3,\"name\":\"Der Geist von Animan\"}]},{\"@type\":\"WebSite\",\"@id\":\"https:\/\/www.animan.com\/de\/#website\",\"url\":\"https:\/\/www.animan.com\/de\/\",\"name\":\"Animan\",\"description\":\"Animan, les beaut\u00e9s du mondes\",\"potentialAction\":[{\"@type\":\"SearchAction\",\"target\":{\"@type\":\"EntryPoint\",\"urlTemplate\":\"https:\/\/www.animan.com\/de\/?s={search_term_string}\"},\"query-input\":{\"@type\":\"PropertyValueSpecification\",\"valueRequired\":true,\"valueName\":\"search_term_string\"}}],\"inLanguage\":\"de\"}]}<\/script>\n<!-- \/ Yoast SEO plugin. -->","yoast_head_json":{"title":"Der Geist von Animan - Animan","robots":{"index":"index","follow":"follow","max-snippet":"max-snippet:-1","max-image-preview":"max-image-preview:large","max-video-preview":"max-video-preview:-1"},"canonical":"https:\/\/www.animan.com\/de\/a-propos\/lesprit-animan\/","og_locale":"de_DE","og_type":"article","og_title":"Der Geist von Animan - Animan","og_description":"[vc_row][vc_column][vc_row_inner][vc_column_inner][vc_column_text] Der Geist von Animan [\/vc_column_text][\/vc_column_inner][\/vc_row_inner][vc_row_inner css=&#8220;.vc_custom_1639487036905{margin-top: 40px !important;}&#8220; el_class=&#8220;order-inverse&#8220;][vc_column_inner width=&#8220;5\/12&#8243;][vc_single_image image=&#8220;245&#8243; img_size=&#8220;full&#8220;][\/vc_column_inner][vc_column_inner width=&#8220;7\/12&#8243;][vc_column_text] \u00abSeit vierzig Jahren bietet Animan seiner Leserschaft eine einzigartige Kombination aus ausf\u00fchrlichen Reportagen und herausragenden Bildern, insbesondere durch das Portfolio, das zum Markenzeichen des Magazins geworden ist. Mit dem Fotoapparat um den Hals reisen unsere Autoren und Autorinnen rund um den [&hellip;]","og_url":"https:\/\/www.animan.com\/de\/a-propos\/lesprit-animan\/","og_site_name":"Animan","article_publisher":"https:\/\/www.facebook.com\/magazineANIMAN","article_modified_time":"2022-05-25T14:34:12+00:00","og_image":[{"width":1280,"height":445,"url":"https:\/\/www.animan.com\/wp-content\/uploads\/2022\/01\/animan_227_islande_pedaler_volcans_glaciers_clement_grandjean_jordan_rosen_header_esprit.jpg","type":"image\/jpeg"}],"twitter_card":"summary_large_image","twitter_misc":{"Gesch\u00e4tzte Lesezeit":"2\u00a0Minuten"},"schema":{"@context":"https:\/\/schema.org","@graph":[{"@type":"WebPage","@id":"https:\/\/www.animan.com\/de\/a-propos\/lesprit-animan\/","url":"https:\/\/www.animan.com\/de\/a-propos\/lesprit-animan\/","name":"Der Geist von Animan - Animan","isPartOf":{"@id":"https:\/\/www.animan.com\/de\/#website"},"primaryImageOfPage":{"@id":"https:\/\/www.animan.com\/de\/a-propos\/lesprit-animan\/#primaryimage"},"image":{"@id":"https:\/\/www.animan.com\/de\/a-propos\/lesprit-animan\/#primaryimage"},"thumbnailUrl":"https:\/\/www.animan.com\/wp-content\/uploads\/2022\/01\/animan_227_islande_pedaler_volcans_glaciers_clement_grandjean_jordan_rosen_header_esprit.jpg","datePublished":"2022-05-11T06:38:25+00:00","dateModified":"2022-05-25T14:34:12+00:00","breadcrumb":{"@id":"https:\/\/www.animan.com\/de\/a-propos\/lesprit-animan\/#breadcrumb"},"inLanguage":"de","potentialAction":[{"@type":"ReadAction","target":["https:\/\/www.animan.com\/de\/a-propos\/lesprit-animan\/"]}]},{"@type":"ImageObject","inLanguage":"de","@id":"https:\/\/www.animan.com\/de\/a-propos\/lesprit-animan\/#primaryimage","url":"https:\/\/www.animan.com\/wp-content\/uploads\/2022\/01\/animan_227_islande_pedaler_volcans_glaciers_clement_grandjean_jordan_rosen_header_esprit.jpg","contentUrl":"https:\/\/www.animan.com\/wp-content\/uploads\/2022\/01\/animan_227_islande_pedaler_volcans_glaciers_clement_grandjean_jordan_rosen_header_esprit.jpg","width":1280,"height":445},{"@type":"BreadcrumbList","@id":"https:\/\/www.animan.com\/de\/a-propos\/lesprit-animan\/#breadcrumb","itemListElement":[{"@type":"ListItem","position":1,"name":"Accueil","item":"https:\/\/www.animan.com\/de\/"},{"@type":"ListItem","position":2,"name":"\u00dcber uns","item":"https:\/\/www.animan.com\/de\/a-propos\/"},{"@type":"ListItem","position":3,"name":"Der Geist von Animan"}]},{"@type":"WebSite","@id":"https:\/\/www.animan.com\/de\/#website","url":"https:\/\/www.animan.com\/de\/","name":"Animan","description":"Animan, les beaut\u00e9s du mondes","potentialAction":[{"@type":"SearchAction","target":{"@type":"EntryPoint","urlTemplate":"https:\/\/www.animan.com\/de\/?s={search_term_string}"},"query-input":{"@type":"PropertyValueSpecification","valueRequired":true,"valueName":"search_term_string"}}],"inLanguage":"de"}]}},"_links":{"self":[{"href":"https:\/\/www.animan.com\/de\/wp-json\/wp\/v2\/pages\/2267","targetHints":{"allow":["GET"]}}],"collection":[{"href":"https:\/\/www.animan.com\/de\/wp-json\/wp\/v2\/pages"}],"about":[{"href":"https:\/\/www.animan.com\/de\/wp-json\/wp\/v2\/types\/page"}],"author":[{"embeddable":true,"href":"https:\/\/www.animan.com\/de\/wp-json\/wp\/v2\/users\/1"}],"replies":[{"embeddable":true,"href":"https:\/\/www.animan.com\/de\/wp-json\/wp\/v2\/comments?post=2267"}],"version-history":[{"count":5,"href":"https:\/\/www.animan.com\/de\/wp-json\/wp\/v2\/pages\/2267\/revisions"}],"predecessor-version":[{"id":3363,"href":"https:\/\/www.animan.com\/de\/wp-json\/wp\/v2\/pages\/2267\/revisions\/3363"}],"up":[{"embeddable":true,"href":"https:\/\/www.animan.com\/de\/wp-json\/wp\/v2\/pages\/2265"}],"wp:featuredmedia":[{"embeddable":true,"href":"https:\/\/www.animan.com\/de\/wp-json\/wp\/v2\/media\/2024"}],"wp:attachment":[{"href":"https:\/\/www.animan.com\/de\/wp-json\/wp\/v2\/media?parent=2267"}],"curies":[{"name":"wp","href":"https:\/\/api.w.org\/{rel}","templated":true}]}}